{"id":18606,"date":"2025-07-06T14:40:52","date_gmt":"2025-07-06T12:40:52","guid":{"rendered":"https:\/\/www.foasps.org\/?post_type=ova_por&#038;p=18606"},"modified":"2025-07-06T14:40:53","modified_gmt":"2025-07-06T12:40:53","slug":"la-faosps-a-la-reunion-des-partenaires-de-looas-et-lassemblee-des-ministres-de-la-sante-de-la-cedeao-a-praia","status":"publish","type":"ova_por","link":"https:\/\/www.foasps.org\/en\/ova_por\/la-faosps-a-la-reunion-des-partenaires-de-looas-et-lassemblee-des-ministres-de-la-sante-de-la-cedeao-a-praia\/","title":{"rendered":"FAOSPS at the WAHO partners' meeting and the ECOWAS Health Ministers' assembly in Praia"},"content":{"rendered":"<p>At the invitation of the West African Health Organization (WAHO), as a partner, the President of FOASPS and the Permanent Secretary took part in the 26th Assembly of Health Ministers (AHM) of the Economic Community of West African States (ECOWAS), which was preceded by the meeting of the institution's partners. These events were held from May 7 to 10, 2025 in Praia, Cape Verde. The theme of the discussions was \"Regional community health policy based on consensual principles and standards\".<\/p>","protected":false},"excerpt":{"rendered":"<p>Sur invitation de l&rsquo;Organisation Ouest Africaine de la Sant\u00e9 (OOAS), \u00e0 titre de partenaire, le Pr\u00e9sident de la FOASPS et le Secr\u00e9taire Permanent ont particip\u00e9 \u00e0 la 26e Assembl\u00e9e des Ministres de la Sant\u00e9 (AHM) de la Communaut\u00e9 Economique des Etats de l&rsquo;Afrique de l&rsquo;Ouest (CEDEAO), qui a \u00e9t\u00e9 pr\u00e9c\u00e9d\u00e9 de la r\u00e9union des partenaires [&hellip;]<\/p>\n","protected":false},"featured_media":18611,"comment_status":"closed","ping_status":"closed","template":"","cat_por":[],"class_list":["post-18606","ova_por","type-ova_por","status-publish","has-post-thumbnail","hentry"],"yoast_head":"<!-- This site is optimized with the Yoast SEO plugin v27.5 - https:\/\/yoast.com\/product\/yoast-seo-wordpress\/ -->\n<title>La FAOSPS \u00e0 la r\u00e9union des partenaires de l\u2019OOAS et l\u2019assembl\u00e9e des Ministres de la sant\u00e9 de la CEDEAO \u00e0 Praia - FOASPS<\/title>\n<meta name=\"robots\" content=\"index, follow, max-snippet:-1, max-image-preview:large, max-video-preview:-1\" \/>\n<link rel=\"canonical\" href=\"https:\/\/www.foasps.org\/en\/ova_por\/la-faosps-a-la-reunion-des-partenaires-de-looas-et-lassemblee-des-ministres-de-la-sante-de-la-cedeao-a-praia\/\" \/>\n<meta property=\"og:locale\" content=\"en_US\" \/>\n<meta property=\"og:type\" content=\"article\" \/>\n<meta property=\"og:title\" content=\"La FAOSPS \u00e0 la r\u00e9union des partenaires de l\u2019OOAS et l\u2019assembl\u00e9e des Ministres de la sant\u00e9 de la CEDEAO \u00e0 Praia - FOASPS\" \/>\n<meta property=\"og:description\" content=\"Sur invitation de l&rsquo;Organisation Ouest Africaine de la Sant\u00e9 (OOAS), \u00e0 titre de partenaire, le Pr\u00e9sident de la FOASPS et le Secr\u00e9taire Permanent ont particip\u00e9 \u00e0 la 26e Assembl\u00e9e des Ministres de la Sant\u00e9 (AHM) de la Communaut\u00e9 Economique des Etats de l&rsquo;Afrique de l&rsquo;Ouest (CEDEAO), qui a \u00e9t\u00e9 pr\u00e9c\u00e9d\u00e9 de la r\u00e9union des partenaires [&hellip;]\" \/>\n<meta property=\"og:url\" content=\"https:\/\/www.foasps.org\/en\/ova_por\/la-faosps-a-la-reunion-des-partenaires-de-looas-et-lassemblee-des-ministres-de-la-sante-de-la-cedeao-a-praia\/\" \/>\n<meta property=\"og:site_name\" content=\"FOASPS\" \/>\n<meta property=\"article:modified_time\" content=\"2025-07-06T12:40:53+00:00\" \/>\n<meta property=\"og:image\" content=\"https:\/\/www.foasps.org\/wp-content\/uploads\/2025\/07\/OOAS-FOASPS-PRAIA-0625.png\" \/>\n\t<meta property=\"og:image:width\" content=\"654\" \/>\n\t<meta property=\"og:image:height\" content=\"872\" \/>\n\t<meta property=\"og:image:type\" content=\"image\/png\" \/>\n<meta name=\"twitter:card\" content=\"summary_large_image\" \/>\n<meta name=\"twitter:site\" content=\"@FOASPS_WAPHF\" \/>\n<meta name=\"twitter:label1\" content=\"Est. reading time\" \/>\n\t<meta name=\"twitter:data1\" content=\"1 minute\" \/>\n<script type=\"application\/ld+json\" class=\"yoast-schema-graph\">{\"@context\":\"https:\\\/\\\/schema.org\",\"@graph\":[{\"@type\":\"WebPage\",\"@id\":\"https:\\\/\\\/www.foasps.org\\\/ova_por\\\/la-faosps-a-la-reunion-des-partenaires-de-looas-et-lassemblee-des-ministres-de-la-sante-de-la-cedeao-a-praia\\\/\",\"url\":\"https:\\\/\\\/www.foasps.org\\\/ova_por\\\/la-faosps-a-la-reunion-des-partenaires-de-looas-et-lassemblee-des-ministres-de-la-sante-de-la-cedeao-a-praia\\\/\",\"name\":\"La FAOSPS \u00e0 la r\u00e9union des partenaires de l\u2019OOAS et l\u2019assembl\u00e9e des Ministres de la sant\u00e9 de la CEDEAO \u00e0 Praia - FOASPS\",\"isPartOf\":{\"@id\":\"https:\\\/\\\/www.foasps.org\\\/#website\"},\"primaryImageOfPage\":{\"@id\":\"https:\\\/\\\/www.foasps.org\\\/ova_por\\\/la-faosps-a-la-reunion-des-partenaires-de-looas-et-lassemblee-des-ministres-de-la-sante-de-la-cedeao-a-praia\\\/#primaryimage\"},\"image\":{\"@id\":\"https:\\\/\\\/www.foasps.org\\\/ova_por\\\/la-faosps-a-la-reunion-des-partenaires-de-looas-et-lassemblee-des-ministres-de-la-sante-de-la-cedeao-a-praia\\\/#primaryimage\"},\"thumbnailUrl\":\"https:\\\/\\\/www.foasps.org\\\/wp-content\\\/uploads\\\/2025\\\/07\\\/OOAS-FOASPS-PRAIA-0625.png\",\"datePublished\":\"2025-07-06T12:40:52+00:00\",\"dateModified\":\"2025-07-06T12:40:53+00:00\",\"breadcrumb\":{\"@id\":\"https:\\\/\\\/www.foasps.org\\\/ova_por\\\/la-faosps-a-la-reunion-des-partenaires-de-looas-et-lassemblee-des-ministres-de-la-sante-de-la-cedeao-a-praia\\\/#breadcrumb\"},\"inLanguage\":\"en-US\",\"potentialAction\":[{\"@type\":\"ReadAction\",\"target\":[\"https:\\\/\\\/www.foasps.org\\\/ova_por\\\/la-faosps-a-la-reunion-des-partenaires-de-looas-et-lassemblee-des-ministres-de-la-sante-de-la-cedeao-a-praia\\\/\"]}]},{\"@type\":\"ImageObject\",\"inLanguage\":\"en-US\",\"@id\":\"https:\\\/\\\/www.foasps.org\\\/ova_por\\\/la-faosps-a-la-reunion-des-partenaires-de-looas-et-lassemblee-des-ministres-de-la-sante-de-la-cedeao-a-praia\\\/#primaryimage\",\"url\":\"https:\\\/\\\/www.foasps.org\\\/wp-content\\\/uploads\\\/2025\\\/07\\\/OOAS-FOASPS-PRAIA-0625.png\",\"contentUrl\":\"https:\\\/\\\/www.foasps.org\\\/wp-content\\\/uploads\\\/2025\\\/07\\\/OOAS-FOASPS-PRAIA-0625.png\",\"width\":654,\"height\":872},{\"@type\":\"BreadcrumbList\",\"@id\":\"https:\\\/\\\/www.foasps.org\\\/ova_por\\\/la-faosps-a-la-reunion-des-partenaires-de-looas-et-lassemblee-des-ministres-de-la-sante-de-la-cedeao-a-praia\\\/#breadcrumb\",\"itemListElement\":[{\"@type\":\"ListItem\",\"position\":1,\"name\":\"Accueil\",\"item\":\"https:\\\/\\\/www.foasps.org\\\/\"},{\"@type\":\"ListItem\",\"position\":2,\"name\":\"Portfolio\",\"item\":\"https:\\\/\\\/www.foasps.org\\\/ova_por\\\/\"},{\"@type\":\"ListItem\",\"position\":3,\"name\":\"La FAOSPS \u00e0 la r\u00e9union des partenaires de l\u2019OOAS et l\u2019assembl\u00e9e des Ministres de la sant\u00e9 de la CEDEAO \u00e0 Praia\"}]},{\"@type\":\"WebSite\",\"@id\":\"https:\\\/\\\/www.foasps.org\\\/#website\",\"url\":\"https:\\\/\\\/www.foasps.org\\\/\",\"name\":\"FOASPS\",\"description\":\"\",\"publisher\":{\"@id\":\"https:\\\/\\\/www.foasps.org\\\/#organization\"},\"potentialAction\":[{\"@type\":\"SearchAction\",\"target\":{\"@type\":\"EntryPoint\",\"urlTemplate\":\"https:\\\/\\\/www.foasps.org\\\/?s={search_term_string}\"},\"query-input\":{\"@type\":\"PropertyValueSpecification\",\"valueRequired\":true,\"valueName\":\"search_term_string\"}}],\"inLanguage\":\"en-US\"},{\"@type\":\"Organization\",\"@id\":\"https:\\\/\\\/www.foasps.org\\\/#organization\",\"name\":\"FOASPS\",\"url\":\"https:\\\/\\\/www.foasps.org\\\/\",\"logo\":{\"@type\":\"ImageObject\",\"inLanguage\":\"en-US\",\"@id\":\"https:\\\/\\\/www.foasps.org\\\/#\\\/schema\\\/logo\\\/image\\\/\",\"url\":\"https:\\\/\\\/www.foasps.org\\\/wp-content\\\/uploads\\\/2024\\\/01\\\/LOGO-FOASPS-30_11_23.png\",\"contentUrl\":\"https:\\\/\\\/www.foasps.org\\\/wp-content\\\/uploads\\\/2024\\\/01\\\/LOGO-FOASPS-30_11_23.png\",\"width\":4251,\"height\":3954,\"caption\":\"FOASPS\"},\"image\":{\"@id\":\"https:\\\/\\\/www.foasps.org\\\/#\\\/schema\\\/logo\\\/image\\\/\"},\"sameAs\":[\"https:\\\/\\\/x.com\\\/FOASPS_WAPHF\",\"https:\\\/\\\/www.linkedin.com\\\/in\\\/foasps-waphf-13a39928b\\\/\",\"https:\\\/\\\/www.youtube.com\\\/@FOASPS\"]}]}<\/script>\n<!-- \/ Yoast SEO plugin. -->","yoast_head_json":{"title":"La FAOSPS \u00e0 la r\u00e9union des partenaires de l\u2019OOAS et l\u2019assembl\u00e9e des Ministres de la sant\u00e9 de la CEDEAO \u00e0 Praia - FOASPS","robots":{"index":"index","follow":"follow","max-snippet":"max-snippet:-1","max-image-preview":"max-image-preview:large","max-video-preview":"max-video-preview:-1"},"canonical":"https:\/\/www.foasps.org\/en\/ova_por\/la-faosps-a-la-reunion-des-partenaires-de-looas-et-lassemblee-des-ministres-de-la-sante-de-la-cedeao-a-praia\/","og_locale":"en_US","og_type":"article","og_title":"La FAOSPS \u00e0 la r\u00e9union des partenaires de l\u2019OOAS et l\u2019assembl\u00e9e des Ministres de la sant\u00e9 de la CEDEAO \u00e0 Praia - FOASPS","og_description":"Sur invitation de l&rsquo;Organisation Ouest Africaine de la Sant\u00e9 (OOAS), \u00e0 titre de partenaire, le Pr\u00e9sident de la FOASPS et le Secr\u00e9taire Permanent ont particip\u00e9 \u00e0 la 26e Assembl\u00e9e des Ministres de la Sant\u00e9 (AHM) de la Communaut\u00e9 Economique des Etats de l&rsquo;Afrique de l&rsquo;Ouest (CEDEAO), qui a \u00e9t\u00e9 pr\u00e9c\u00e9d\u00e9 de la r\u00e9union des partenaires [&hellip;]","og_url":"https:\/\/www.foasps.org\/en\/ova_por\/la-faosps-a-la-reunion-des-partenaires-de-looas-et-lassemblee-des-ministres-de-la-sante-de-la-cedeao-a-praia\/","og_site_name":"FOASPS","article_modified_time":"2025-07-06T12:40:53+00:00","og_image":[{"width":654,"height":872,"url":"https:\/\/www.foasps.org\/wp-content\/uploads\/2025\/07\/OOAS-FOASPS-PRAIA-0625.png","type":"image\/png"}],"twitter_card":"summary_large_image","twitter_site":"@FOASPS_WAPHF","twitter_misc":{"Est. reading time":"1 minute"},"schema":{"@context":"https:\/\/schema.org","@graph":[{"@type":"WebPage","@id":"https:\/\/www.foasps.org\/ova_por\/la-faosps-a-la-reunion-des-partenaires-de-looas-et-lassemblee-des-ministres-de-la-sante-de-la-cedeao-a-praia\/","url":"https:\/\/www.foasps.org\/ova_por\/la-faosps-a-la-reunion-des-partenaires-de-looas-et-lassemblee-des-ministres-de-la-sante-de-la-cedeao-a-praia\/","name":"La FAOSPS \u00e0 la r\u00e9union des partenaires de l\u2019OOAS et l\u2019assembl\u00e9e des Ministres de la sant\u00e9 de la CEDEAO \u00e0 Praia - FOASPS","isPartOf":{"@id":"https:\/\/www.foasps.org\/#website"},"primaryImageOfPage":{"@id":"https:\/\/www.foasps.org\/ova_por\/la-faosps-a-la-reunion-des-partenaires-de-looas-et-lassemblee-des-ministres-de-la-sante-de-la-cedeao-a-praia\/#primaryimage"},"image":{"@id":"https:\/\/www.foasps.org\/ova_por\/la-faosps-a-la-reunion-des-partenaires-de-looas-et-lassemblee-des-ministres-de-la-sante-de-la-cedeao-a-praia\/#primaryimage"},"thumbnailUrl":"https:\/\/www.foasps.org\/wp-content\/uploads\/2025\/07\/OOAS-FOASPS-PRAIA-0625.png","datePublished":"2025-07-06T12:40:52+00:00","dateModified":"2025-07-06T12:40:53+00:00","breadcrumb":{"@id":"https:\/\/www.foasps.org\/ova_por\/la-faosps-a-la-reunion-des-partenaires-de-looas-et-lassemblee-des-ministres-de-la-sante-de-la-cedeao-a-praia\/#breadcrumb"},"inLanguage":"en-US","potentialAction":[{"@type":"ReadAction","target":["https:\/\/www.foasps.org\/ova_por\/la-faosps-a-la-reunion-des-partenaires-de-looas-et-lassemblee-des-ministres-de-la-sante-de-la-cedeao-a-praia\/"]}]},{"@type":"ImageObject","inLanguage":"en-US","@id":"https:\/\/www.foasps.org\/ova_por\/la-faosps-a-la-reunion-des-partenaires-de-looas-et-lassemblee-des-ministres-de-la-sante-de-la-cedeao-a-praia\/#primaryimage","url":"https:\/\/www.foasps.org\/wp-content\/uploads\/2025\/07\/OOAS-FOASPS-PRAIA-0625.png","contentUrl":"https:\/\/www.foasps.org\/wp-content\/uploads\/2025\/07\/OOAS-FOASPS-PRAIA-0625.png","width":654,"height":872},{"@type":"BreadcrumbList","@id":"https:\/\/www.foasps.org\/ova_por\/la-faosps-a-la-reunion-des-partenaires-de-looas-et-lassemblee-des-ministres-de-la-sante-de-la-cedeao-a-praia\/#breadcrumb","itemListElement":[{"@type":"ListItem","position":1,"name":"Accueil","item":"https:\/\/www.foasps.org\/"},{"@type":"ListItem","position":2,"name":"Portfolio","item":"https:\/\/www.foasps.org\/ova_por\/"},{"@type":"ListItem","position":3,"name":"La FAOSPS \u00e0 la r\u00e9union des partenaires de l\u2019OOAS et l\u2019assembl\u00e9e des Ministres de la sant\u00e9 de la CEDEAO \u00e0 Praia"}]},{"@type":"WebSite","@id":"https:\/\/www.foasps.org\/#website","url":"https:\/\/www.foasps.org\/","name":"FOASPS","description":"","publisher":{"@id":"https:\/\/www.foasps.org\/#organization"},"potentialAction":[{"@type":"SearchAction","target":{"@type":"EntryPoint","urlTemplate":"https:\/\/www.foasps.org\/?s={search_term_string}"},"query-input":{"@type":"PropertyValueSpecification","valueRequired":true,"valueName":"search_term_string"}}],"inLanguage":"en-US"},{"@type":"Organization","@id":"https:\/\/www.foasps.org\/#organization","name":"FOASPS","url":"https:\/\/www.foasps.org\/","logo":{"@type":"ImageObject","inLanguage":"en-US","@id":"https:\/\/www.foasps.org\/#\/schema\/logo\/image\/","url":"https:\/\/www.foasps.org\/wp-content\/uploads\/2024\/01\/LOGO-FOASPS-30_11_23.png","contentUrl":"https:\/\/www.foasps.org\/wp-content\/uploads\/2024\/01\/LOGO-FOASPS-30_11_23.png","width":4251,"height":3954,"caption":"FOASPS"},"image":{"@id":"https:\/\/www.foasps.org\/#\/schema\/logo\/image\/"},"sameAs":["https:\/\/x.com\/FOASPS_WAPHF","https:\/\/www.linkedin.com\/in\/foasps-waphf-13a39928b\/","https:\/\/www.youtube.com\/@FOASPS"]}]}},"_links":{"self":[{"href":"https:\/\/www.foasps.org\/en\/wp-json\/wp\/v2\/ova_por\/18606","targetHints":{"allow":["GET"]}}],"collection":[{"href":"https:\/\/www.foasps.org\/en\/wp-json\/wp\/v2\/ova_por"}],"about":[{"href":"https:\/\/www.foasps.org\/en\/wp-json\/wp\/v2\/types\/ova_por"}],"replies":[{"embeddable":true,"href":"https:\/\/www.foasps.org\/en\/wp-json\/wp\/v2\/comments?post=18606"}],"version-history":[{"count":1,"href":"https:\/\/www.foasps.org\/en\/wp-json\/wp\/v2\/ova_por\/18606\/revisions"}],"predecessor-version":[{"id":18612,"href":"https:\/\/www.foasps.org\/en\/wp-json\/wp\/v2\/ova_por\/18606\/revisions\/18612"}],"wp:featuredmedia":[{"embeddable":true,"href":"https:\/\/www.foasps.org\/en\/wp-json\/wp\/v2\/media\/18611"}],"wp:attachment":[{"href":"https:\/\/www.foasps.org\/en\/wp-json\/wp\/v2\/media?parent=18606"}],"wp:term":[{"taxonomy":"cat_por","embeddable":true,"href":"https:\/\/www.foasps.org\/en\/wp-json\/wp\/v2\/cat_por?post=18606"}],"curies":[{"name":"wp","href":"https:\/\/api.w.org\/{rel}","templated":true}]}}