{"id":18677,"date":"2025-08-05T20:41:58","date_gmt":"2025-08-05T18:41:58","guid":{"rendered":"https:\/\/www.foasps.org\/?post_type=ova_por&#038;p=18677"},"modified":"2025-08-05T20:45:18","modified_gmt":"2025-08-05T18:45:18","slug":"premiere-edition-des-journees-du-secteur-prive-de-la-sante-jsps-en-afrique-de-louest","status":"publish","type":"ova_por","link":"https:\/\/www.foasps.org\/en\/ova_por\/premiere-edition-des-journees-du-secteur-prive-de-la-sante-jsps-en-afrique-de-louest\/","title":{"rendered":"Premi\u00e8re \u00e9dition des Journ\u00e9es du Secteur Priv\u00e9 de la Sant\u00e9 (JSPS) en Afrique de l\u2019Ouest\u00a0"},"content":{"rendered":"<p>La <a>FOASPS<\/a><a> a organis\u00e9, le Mercredi 9 Juillet 2025, un \u00e9v\u00e8nement sous-r\u00e9gional qui se veut annuel : Journ\u00e9es du Secteur Priv\u00e9 de la Sant\u00e9 (JSPS) en Afrique de l\u2019Ouest.<\/a><\/p>\n\n\n\n<p>L\u2019approche adopt\u00e9e a \u00e9t\u00e9 d\u2019organiser le lancement officiel autour de sessions en pr\u00e9sentiel (dans les locaux du Minist\u00e8re de la Sant\u00e9 du B\u00e9nin) et en ligne pour faciliter la participation des f\u00e9d\u00e9rations pays membres et des partenaires internationaux. Au total, un peu plus de 200 personnes ont particip\u00e9 \u00e0 l\u2019\u00e9v\u00e8nement. Les participants \u00e9taient compos\u00e9s des repr\u00e9sentants des 11 f\u00e9d\u00e9rations pays membres, des Partenaires Techniques et Financiers ainsi que de quelques repr\u00e9sentants de la soci\u00e9t\u00e9 civile.<\/p>\n\n\n\n<p>L\u2019agenda a d\u00e9but\u00e9 avec les allocutions du repr\u00e9sentant du Pr\u00e9sident de la FOASPS, du Pr\u00e9sident de l\u2019Association Africaine de la Sant\u00e9, du repr\u00e9sentant du DG de l\u2019Organisation Ouest Africaine de la Sant\u00e9 (OOAS) et du Ministre de la Sant\u00e9 du B\u00e9nin. En plus de ces allocutions, il y a eu les interventions d\u2019experts repr\u00e9sentant les Partenaires Techniques et Financiers incluant la SFI et AUDA NEPAD pour donner un message li\u00e9 au th\u00e8me principal.<\/p>\n\n\n\n<p>L\u2019Objectif \u00e9tait d\u2019obtenir une mobilisation et un engagement des acteurs des secteurs public et priv\u00e9 de la sant\u00e9 des pays de l\u2019Afrique de l\u2019Ouest en faveur d\u2019un cadre de dialogue constructif et productif pour le renforcement des capacit\u00e9s du secteur priv\u00e9 de la sant\u00e9 et l\u2019am\u00e9lioration de la r\u00e9silience et la qualit\u00e9 des soins en Afrique de l&rsquo;Ouest. Le th\u00e8me propos\u00e9 pour cette premi\u00e8re \u00e9dition s\u2019intitule&nbsp;: \u00ab&nbsp;Contributions du Secteur Priv\u00e9 \u00e0 la sant\u00e9 publique en Afrique de l\u2019Ouest \u00bb.<\/p>","protected":false},"excerpt":{"rendered":"<p>La FOASPS a organis\u00e9, le Mercredi 9 Juillet 2025, un \u00e9v\u00e8nement sous-r\u00e9gional qui se veut annuel : Journ\u00e9es du Secteur Priv\u00e9 de la Sant\u00e9 (JSPS) en Afrique de l\u2019Ouest. L\u2019approche adopt\u00e9e a \u00e9t\u00e9 d\u2019organiser le lancement officiel autour de sessions en pr\u00e9sentiel (dans les locaux du Minist\u00e8re de la Sant\u00e9 du B\u00e9nin) et en ligne [&hellip;]<\/p>\n","protected":false},"featured_media":18682,"comment_status":"closed","ping_status":"closed","template":"","cat_por":[],"class_list":["post-18677","ova_por","type-ova_por","status-publish","has-post-thumbnail","hentry"],"yoast_head":"<!-- This site is optimized with the Yoast SEO plugin v27.5 - https:\/\/yoast.com\/product\/yoast-seo-wordpress\/ -->\n<title>Premi\u00e8re \u00e9dition des Journ\u00e9es du Secteur Priv\u00e9 de la Sant\u00e9 (JSPS) en Afrique de l\u2019Ouest\u00a0 - FOASPS<\/title>\n<meta name=\"robots\" content=\"index, follow, max-snippet:-1, max-image-preview:large, max-video-preview:-1\" \/>\n<link rel=\"canonical\" href=\"https:\/\/www.foasps.org\/en\/ova_por\/premiere-edition-des-journees-du-secteur-prive-de-la-sante-jsps-en-afrique-de-louest\/\" \/>\n<meta property=\"og:locale\" content=\"en_US\" \/>\n<meta property=\"og:type\" content=\"article\" \/>\n<meta property=\"og:title\" content=\"Premi\u00e8re \u00e9dition des Journ\u00e9es du Secteur Priv\u00e9 de la Sant\u00e9 (JSPS) en Afrique de l\u2019Ouest\u00a0 - FOASPS\" \/>\n<meta property=\"og:description\" content=\"La FOASPS a organis\u00e9, le Mercredi 9 Juillet 2025, un \u00e9v\u00e8nement sous-r\u00e9gional qui se veut annuel : Journ\u00e9es du Secteur Priv\u00e9 de la Sant\u00e9 (JSPS) en Afrique de l\u2019Ouest. L\u2019approche adopt\u00e9e a \u00e9t\u00e9 d\u2019organiser le lancement officiel autour de sessions en pr\u00e9sentiel (dans les locaux du Minist\u00e8re de la Sant\u00e9 du B\u00e9nin) et en ligne [&hellip;]\" \/>\n<meta property=\"og:url\" content=\"https:\/\/www.foasps.org\/en\/ova_por\/premiere-edition-des-journees-du-secteur-prive-de-la-sante-jsps-en-afrique-de-louest\/\" \/>\n<meta property=\"og:site_name\" content=\"FOASPS\" \/>\n<meta property=\"article:modified_time\" content=\"2025-08-05T18:45:18+00:00\" \/>\n<meta property=\"og:image\" content=\"https:\/\/www.foasps.org\/wp-content\/uploads\/2025\/08\/jps.png\" \/>\n\t<meta property=\"og:image:width\" content=\"739\" \/>\n\t<meta property=\"og:image:height\" content=\"433\" \/>\n\t<meta property=\"og:image:type\" content=\"image\/png\" \/>\n<meta name=\"twitter:card\" content=\"summary_large_image\" \/>\n<meta name=\"twitter:site\" content=\"@FOASPS_WAPHF\" \/>\n<meta name=\"twitter:label1\" content=\"Est. reading time\" \/>\n\t<meta name=\"twitter:data1\" content=\"2 minutes\" \/>\n<script type=\"application\/ld+json\" class=\"yoast-schema-graph\">{\"@context\":\"https:\\\/\\\/schema.org\",\"@graph\":[{\"@type\":\"WebPage\",\"@id\":\"https:\\\/\\\/www.foasps.org\\\/ova_por\\\/premiere-edition-des-journees-du-secteur-prive-de-la-sante-jsps-en-afrique-de-louest\\\/\",\"url\":\"https:\\\/\\\/www.foasps.org\\\/ova_por\\\/premiere-edition-des-journees-du-secteur-prive-de-la-sante-jsps-en-afrique-de-louest\\\/\",\"name\":\"Premi\u00e8re \u00e9dition des Journ\u00e9es du Secteur Priv\u00e9 de la Sant\u00e9 (JSPS) en Afrique de l\u2019Ouest\u00a0 - FOASPS\",\"isPartOf\":{\"@id\":\"https:\\\/\\\/www.foasps.org\\\/#website\"},\"primaryImageOfPage\":{\"@id\":\"https:\\\/\\\/www.foasps.org\\\/ova_por\\\/premiere-edition-des-journees-du-secteur-prive-de-la-sante-jsps-en-afrique-de-louest\\\/#primaryimage\"},\"image\":{\"@id\":\"https:\\\/\\\/www.foasps.org\\\/ova_por\\\/premiere-edition-des-journees-du-secteur-prive-de-la-sante-jsps-en-afrique-de-louest\\\/#primaryimage\"},\"thumbnailUrl\":\"https:\\\/\\\/www.foasps.org\\\/wp-content\\\/uploads\\\/2025\\\/08\\\/jps.png\",\"datePublished\":\"2025-08-05T18:41:58+00:00\",\"dateModified\":\"2025-08-05T18:45:18+00:00\",\"breadcrumb\":{\"@id\":\"https:\\\/\\\/www.foasps.org\\\/ova_por\\\/premiere-edition-des-journees-du-secteur-prive-de-la-sante-jsps-en-afrique-de-louest\\\/#breadcrumb\"},\"inLanguage\":\"en-US\",\"potentialAction\":[{\"@type\":\"ReadAction\",\"target\":[\"https:\\\/\\\/www.foasps.org\\\/ova_por\\\/premiere-edition-des-journees-du-secteur-prive-de-la-sante-jsps-en-afrique-de-louest\\\/\"]}]},{\"@type\":\"ImageObject\",\"inLanguage\":\"en-US\",\"@id\":\"https:\\\/\\\/www.foasps.org\\\/ova_por\\\/premiere-edition-des-journees-du-secteur-prive-de-la-sante-jsps-en-afrique-de-louest\\\/#primaryimage\",\"url\":\"https:\\\/\\\/www.foasps.org\\\/wp-content\\\/uploads\\\/2025\\\/08\\\/jps.png\",\"contentUrl\":\"https:\\\/\\\/www.foasps.org\\\/wp-content\\\/uploads\\\/2025\\\/08\\\/jps.png\",\"width\":739,\"height\":433},{\"@type\":\"BreadcrumbList\",\"@id\":\"https:\\\/\\\/www.foasps.org\\\/ova_por\\\/premiere-edition-des-journees-du-secteur-prive-de-la-sante-jsps-en-afrique-de-louest\\\/#breadcrumb\",\"itemListElement\":[{\"@type\":\"ListItem\",\"position\":1,\"name\":\"Accueil\",\"item\":\"https:\\\/\\\/www.foasps.org\\\/\"},{\"@type\":\"ListItem\",\"position\":2,\"name\":\"Portfolio\",\"item\":\"https:\\\/\\\/www.foasps.org\\\/ova_por\\\/\"},{\"@type\":\"ListItem\",\"position\":3,\"name\":\"Premi\u00e8re \u00e9dition des Journ\u00e9es du Secteur Priv\u00e9 de la Sant\u00e9 (JSPS) en Afrique de l\u2019Ouest\u00a0\"}]},{\"@type\":\"WebSite\",\"@id\":\"https:\\\/\\\/www.foasps.org\\\/#website\",\"url\":\"https:\\\/\\\/www.foasps.org\\\/\",\"name\":\"FOASPS\",\"description\":\"\",\"publisher\":{\"@id\":\"https:\\\/\\\/www.foasps.org\\\/#organization\"},\"potentialAction\":[{\"@type\":\"SearchAction\",\"target\":{\"@type\":\"EntryPoint\",\"urlTemplate\":\"https:\\\/\\\/www.foasps.org\\\/?s={search_term_string}\"},\"query-input\":{\"@type\":\"PropertyValueSpecification\",\"valueRequired\":true,\"valueName\":\"search_term_string\"}}],\"inLanguage\":\"en-US\"},{\"@type\":\"Organization\",\"@id\":\"https:\\\/\\\/www.foasps.org\\\/#organization\",\"name\":\"FOASPS\",\"url\":\"https:\\\/\\\/www.foasps.org\\\/\",\"logo\":{\"@type\":\"ImageObject\",\"inLanguage\":\"en-US\",\"@id\":\"https:\\\/\\\/www.foasps.org\\\/#\\\/schema\\\/logo\\\/image\\\/\",\"url\":\"https:\\\/\\\/www.foasps.org\\\/wp-content\\\/uploads\\\/2024\\\/01\\\/LOGO-FOASPS-30_11_23.png\",\"contentUrl\":\"https:\\\/\\\/www.foasps.org\\\/wp-content\\\/uploads\\\/2024\\\/01\\\/LOGO-FOASPS-30_11_23.png\",\"width\":4251,\"height\":3954,\"caption\":\"FOASPS\"},\"image\":{\"@id\":\"https:\\\/\\\/www.foasps.org\\\/#\\\/schema\\\/logo\\\/image\\\/\"},\"sameAs\":[\"https:\\\/\\\/x.com\\\/FOASPS_WAPHF\",\"https:\\\/\\\/www.linkedin.com\\\/in\\\/foasps-waphf-13a39928b\\\/\",\"https:\\\/\\\/www.youtube.com\\\/@FOASPS\"]}]}<\/script>\n<!-- \/ Yoast SEO plugin. -->","yoast_head_json":{"title":"Premi\u00e8re \u00e9dition des Journ\u00e9es du Secteur Priv\u00e9 de la Sant\u00e9 (JSPS) en Afrique de l\u2019Ouest\u00a0 - FOASPS","robots":{"index":"index","follow":"follow","max-snippet":"max-snippet:-1","max-image-preview":"max-image-preview:large","max-video-preview":"max-video-preview:-1"},"canonical":"https:\/\/www.foasps.org\/en\/ova_por\/premiere-edition-des-journees-du-secteur-prive-de-la-sante-jsps-en-afrique-de-louest\/","og_locale":"en_US","og_type":"article","og_title":"Premi\u00e8re \u00e9dition des Journ\u00e9es du Secteur Priv\u00e9 de la Sant\u00e9 (JSPS) en Afrique de l\u2019Ouest\u00a0 - FOASPS","og_description":"La FOASPS a organis\u00e9, le Mercredi 9 Juillet 2025, un \u00e9v\u00e8nement sous-r\u00e9gional qui se veut annuel : Journ\u00e9es du Secteur Priv\u00e9 de la Sant\u00e9 (JSPS) en Afrique de l\u2019Ouest. L\u2019approche adopt\u00e9e a \u00e9t\u00e9 d\u2019organiser le lancement officiel autour de sessions en pr\u00e9sentiel (dans les locaux du Minist\u00e8re de la Sant\u00e9 du B\u00e9nin) et en ligne [&hellip;]","og_url":"https:\/\/www.foasps.org\/en\/ova_por\/premiere-edition-des-journees-du-secteur-prive-de-la-sante-jsps-en-afrique-de-louest\/","og_site_name":"FOASPS","article_modified_time":"2025-08-05T18:45:18+00:00","og_image":[{"width":739,"height":433,"url":"https:\/\/www.foasps.org\/wp-content\/uploads\/2025\/08\/jps.png","type":"image\/png"}],"twitter_card":"summary_large_image","twitter_site":"@FOASPS_WAPHF","twitter_misc":{"Est. reading time":"2 minutes"},"schema":{"@context":"https:\/\/schema.org","@graph":[{"@type":"WebPage","@id":"https:\/\/www.foasps.org\/ova_por\/premiere-edition-des-journees-du-secteur-prive-de-la-sante-jsps-en-afrique-de-louest\/","url":"https:\/\/www.foasps.org\/ova_por\/premiere-edition-des-journees-du-secteur-prive-de-la-sante-jsps-en-afrique-de-louest\/","name":"Premi\u00e8re \u00e9dition des Journ\u00e9es du Secteur Priv\u00e9 de la Sant\u00e9 (JSPS) en Afrique de l\u2019Ouest\u00a0 - FOASPS","isPartOf":{"@id":"https:\/\/www.foasps.org\/#website"},"primaryImageOfPage":{"@id":"https:\/\/www.foasps.org\/ova_por\/premiere-edition-des-journees-du-secteur-prive-de-la-sante-jsps-en-afrique-de-louest\/#primaryimage"},"image":{"@id":"https:\/\/www.foasps.org\/ova_por\/premiere-edition-des-journees-du-secteur-prive-de-la-sante-jsps-en-afrique-de-louest\/#primaryimage"},"thumbnailUrl":"https:\/\/www.foasps.org\/wp-content\/uploads\/2025\/08\/jps.png","datePublished":"2025-08-05T18:41:58+00:00","dateModified":"2025-08-05T18:45:18+00:00","breadcrumb":{"@id":"https:\/\/www.foasps.org\/ova_por\/premiere-edition-des-journees-du-secteur-prive-de-la-sante-jsps-en-afrique-de-louest\/#breadcrumb"},"inLanguage":"en-US","potentialAction":[{"@type":"ReadAction","target":["https:\/\/www.foasps.org\/ova_por\/premiere-edition-des-journees-du-secteur-prive-de-la-sante-jsps-en-afrique-de-louest\/"]}]},{"@type":"ImageObject","inLanguage":"en-US","@id":"https:\/\/www.foasps.org\/ova_por\/premiere-edition-des-journees-du-secteur-prive-de-la-sante-jsps-en-afrique-de-louest\/#primaryimage","url":"https:\/\/www.foasps.org\/wp-content\/uploads\/2025\/08\/jps.png","contentUrl":"https:\/\/www.foasps.org\/wp-content\/uploads\/2025\/08\/jps.png","width":739,"height":433},{"@type":"BreadcrumbList","@id":"https:\/\/www.foasps.org\/ova_por\/premiere-edition-des-journees-du-secteur-prive-de-la-sante-jsps-en-afrique-de-louest\/#breadcrumb","itemListElement":[{"@type":"ListItem","position":1,"name":"Accueil","item":"https:\/\/www.foasps.org\/"},{"@type":"ListItem","position":2,"name":"Portfolio","item":"https:\/\/www.foasps.org\/ova_por\/"},{"@type":"ListItem","position":3,"name":"Premi\u00e8re \u00e9dition des Journ\u00e9es du Secteur Priv\u00e9 de la Sant\u00e9 (JSPS) en Afrique de l\u2019Ouest\u00a0"}]},{"@type":"WebSite","@id":"https:\/\/www.foasps.org\/#website","url":"https:\/\/www.foasps.org\/","name":"FOASPS","description":"","publisher":{"@id":"https:\/\/www.foasps.org\/#organization"},"potentialAction":[{"@type":"SearchAction","target":{"@type":"EntryPoint","urlTemplate":"https:\/\/www.foasps.org\/?s={search_term_string}"},"query-input":{"@type":"PropertyValueSpecification","valueRequired":true,"valueName":"search_term_string"}}],"inLanguage":"en-US"},{"@type":"Organization","@id":"https:\/\/www.foasps.org\/#organization","name":"FOASPS","url":"https:\/\/www.foasps.org\/","logo":{"@type":"ImageObject","inLanguage":"en-US","@id":"https:\/\/www.foasps.org\/#\/schema\/logo\/image\/","url":"https:\/\/www.foasps.org\/wp-content\/uploads\/2024\/01\/LOGO-FOASPS-30_11_23.png","contentUrl":"https:\/\/www.foasps.org\/wp-content\/uploads\/2024\/01\/LOGO-FOASPS-30_11_23.png","width":4251,"height":3954,"caption":"FOASPS"},"image":{"@id":"https:\/\/www.foasps.org\/#\/schema\/logo\/image\/"},"sameAs":["https:\/\/x.com\/FOASPS_WAPHF","https:\/\/www.linkedin.com\/in\/foasps-waphf-13a39928b\/","https:\/\/www.youtube.com\/@FOASPS"]}]}},"_links":{"self":[{"href":"https:\/\/www.foasps.org\/en\/wp-json\/wp\/v2\/ova_por\/18677","targetHints":{"allow":["GET"]}}],"collection":[{"href":"https:\/\/www.foasps.org\/en\/wp-json\/wp\/v2\/ova_por"}],"about":[{"href":"https:\/\/www.foasps.org\/en\/wp-json\/wp\/v2\/types\/ova_por"}],"replies":[{"embeddable":true,"href":"https:\/\/www.foasps.org\/en\/wp-json\/wp\/v2\/comments?post=18677"}],"version-history":[{"count":1,"href":"https:\/\/www.foasps.org\/en\/wp-json\/wp\/v2\/ova_por\/18677\/revisions"}],"predecessor-version":[{"id":18683,"href":"https:\/\/www.foasps.org\/en\/wp-json\/wp\/v2\/ova_por\/18677\/revisions\/18683"}],"wp:featuredmedia":[{"embeddable":true,"href":"https:\/\/www.foasps.org\/en\/wp-json\/wp\/v2\/media\/18682"}],"wp:attachment":[{"href":"https:\/\/www.foasps.org\/en\/wp-json\/wp\/v2\/media?parent=18677"}],"wp:term":[{"taxonomy":"cat_por","embeddable":true,"href":"https:\/\/www.foasps.org\/en\/wp-json\/wp\/v2\/cat_por?post=18677"}],"curies":[{"name":"wp","href":"https:\/\/api.w.org\/{rel}","templated":true}]}}