{"id":18679,"date":"2025-08-05T20:42:22","date_gmt":"2025-08-05T18:42:22","guid":{"rendered":"https:\/\/www.foasps.org\/?post_type=ova_por&#038;p=18679"},"modified":"2025-08-05T20:45:05","modified_gmt":"2025-08-05T18:45:05","slug":"la-foasps-a-tenu-son-assemblee-generale-annuelle-a-accra","status":"publish","type":"ova_por","link":"https:\/\/www.foasps.org\/en\/ova_por\/la-foasps-a-tenu-son-assemblee-generale-annuelle-a-accra\/","title":{"rendered":"La FOASPS a tenu son Assembl\u00e9e G\u00e9n\u00e9rale Annuelle \u00e0 Accra"},"content":{"rendered":"<p>Le Mercredi 30 juillet 2025, \u00e0 accra au Ghana (Fiesta Royale H\u00f4tel), l\u2019Assembl\u00e9e G\u00e9n\u00e9rale ordinaire et \u00e9lective de la FOASPS pour l\u2019ann\u00e9e 2025 s\u2019est tenu sous le format d\u2019un \u00e9v\u00e9nement hybride. Les F\u00e9d\u00e9rations-pays de la C\u00f4te d\u2019Ivoire, du Ghana, du Lib\u00e9ria, du Mali, du Niger, du Nig\u00e9ria et du Togo y ont pris part en pr\u00e9sentiel et les F\u00e9d\u00e9rations-pays du B\u00e9nin, du Burkina Faso et de la Sierra L\u00e9one en ligne. L\u2019\u00e9v\u00e9nement a \u00e9galement \u00e9t\u00e9 marqu\u00e9 par l\u2019appui, la pr\u00e9sence et les messages de soutien de partenaires tels que&nbsp;: PharmAcess, AUDA NEPAD, l\u2019OOAS, ARC, Bloom Public Healh, FEWACCI, etc.<\/p>\n\n\n\n<p>Au terme des travaux qui ont permis d\u2019adopter les diff\u00e9rents rapports du mandat en finition, et selon les textes de l\u2019institution, une \u00e9lection a permis de renouveler le Conseil Ex\u00e9cutif de l\u2019Organisation pour les deux prochaines ann\u00e9es. Ainsi, le nouveau Conseil Ex\u00e9cutif pour la mandature 2025-2027 est compos\u00e9 de Dr Lynda Ajoa Decker du Ghana (Pr\u00e9sidente), Dr Kound\u00e9 Innocent KPETO du Togo (1<sup>er<\/sup> Vice-Pr\u00e9sident) et Dr Afo Boureima TRAORE (2<sup>\u00e8me<\/sup> Vice-Pr\u00e9sident), Dr Joseph BOGUIFO de C\u00f4te d\u2019Ivoire (Past Pr\u00e9sident Imm\u00e9diat). Apr\u00e8s la prestation de serment et la passation des charges la nouvelle \u00e9quipe a re\u00e7u les f\u00e9licitations et les v\u0153ux de succ\u00e8s de l\u2019ensemble des pr\u00e9sidents des F\u00e9d\u00e9rations pays et des partenaires, ainsi que du Pr\u00e9sident sortant Dr. Joseph BOGUIFO pour les perspectives \u00e0 venir en vue de la p\u00e9rennit\u00e9 et de la prosp\u00e9rit\u00e9 de l\u2019institution.<\/p>","protected":false},"excerpt":{"rendered":"<p>Le Mercredi 30 juillet 2025, \u00e0 accra au Ghana (Fiesta Royale H\u00f4tel), l\u2019Assembl\u00e9e G\u00e9n\u00e9rale ordinaire et \u00e9lective de la FOASPS pour l\u2019ann\u00e9e 2025 s\u2019est tenu sous le format d\u2019un \u00e9v\u00e9nement hybride. Les F\u00e9d\u00e9rations-pays de la C\u00f4te d\u2019Ivoire, du Ghana, du Lib\u00e9ria, du Mali, du Niger, du Nig\u00e9ria et du Togo y ont pris part en [&hellip;]<\/p>\n","protected":false},"featured_media":18680,"comment_status":"closed","ping_status":"closed","template":"","cat_por":[],"class_list":["post-18679","ova_por","type-ova_por","status-publish","has-post-thumbnail","hentry"],"yoast_head":"<!-- This site is optimized with the Yoast SEO plugin v27.5 - https:\/\/yoast.com\/product\/yoast-seo-wordpress\/ -->\n<title>La FOASPS a tenu son Assembl\u00e9e G\u00e9n\u00e9rale Annuelle \u00e0 Accra - FOASPS<\/title>\n<meta name=\"robots\" content=\"index, follow, max-snippet:-1, max-image-preview:large, max-video-preview:-1\" \/>\n<link rel=\"canonical\" href=\"https:\/\/www.foasps.org\/en\/ova_por\/la-foasps-a-tenu-son-assemblee-generale-annuelle-a-accra\/\" \/>\n<meta property=\"og:locale\" content=\"en_US\" \/>\n<meta property=\"og:type\" content=\"article\" \/>\n<meta property=\"og:title\" content=\"La FOASPS a tenu son Assembl\u00e9e G\u00e9n\u00e9rale Annuelle \u00e0 Accra - FOASPS\" \/>\n<meta property=\"og:description\" content=\"Le Mercredi 30 juillet 2025, \u00e0 accra au Ghana (Fiesta Royale H\u00f4tel), l\u2019Assembl\u00e9e G\u00e9n\u00e9rale ordinaire et \u00e9lective de la FOASPS pour l\u2019ann\u00e9e 2025 s\u2019est tenu sous le format d\u2019un \u00e9v\u00e9nement hybride. Les F\u00e9d\u00e9rations-pays de la C\u00f4te d\u2019Ivoire, du Ghana, du Lib\u00e9ria, du Mali, du Niger, du Nig\u00e9ria et du Togo y ont pris part en [&hellip;]\" \/>\n<meta property=\"og:url\" content=\"https:\/\/www.foasps.org\/en\/ova_por\/la-foasps-a-tenu-son-assemblee-generale-annuelle-a-accra\/\" \/>\n<meta property=\"og:site_name\" content=\"FOASPS\" \/>\n<meta property=\"article:modified_time\" content=\"2025-08-05T18:45:05+00:00\" \/>\n<meta property=\"og:image\" content=\"https:\/\/www.foasps.org\/wp-content\/uploads\/2025\/08\/AG-FOASPS.png\" \/>\n\t<meta property=\"og:image:width\" content=\"806\" \/>\n\t<meta property=\"og:image:height\" content=\"385\" \/>\n\t<meta property=\"og:image:type\" content=\"image\/png\" \/>\n<meta name=\"twitter:card\" content=\"summary_large_image\" \/>\n<meta name=\"twitter:site\" content=\"@FOASPS_WAPHF\" \/>\n<meta name=\"twitter:label1\" content=\"Est. reading time\" \/>\n\t<meta name=\"twitter:data1\" content=\"2 minutes\" \/>\n<script type=\"application\/ld+json\" class=\"yoast-schema-graph\">{\"@context\":\"https:\\\/\\\/schema.org\",\"@graph\":[{\"@type\":\"WebPage\",\"@id\":\"https:\\\/\\\/www.foasps.org\\\/ova_por\\\/la-foasps-a-tenu-son-assemblee-generale-annuelle-a-accra\\\/\",\"url\":\"https:\\\/\\\/www.foasps.org\\\/ova_por\\\/la-foasps-a-tenu-son-assemblee-generale-annuelle-a-accra\\\/\",\"name\":\"La FOASPS a tenu son Assembl\u00e9e G\u00e9n\u00e9rale Annuelle \u00e0 Accra - FOASPS\",\"isPartOf\":{\"@id\":\"https:\\\/\\\/www.foasps.org\\\/#website\"},\"primaryImageOfPage\":{\"@id\":\"https:\\\/\\\/www.foasps.org\\\/ova_por\\\/la-foasps-a-tenu-son-assemblee-generale-annuelle-a-accra\\\/#primaryimage\"},\"image\":{\"@id\":\"https:\\\/\\\/www.foasps.org\\\/ova_por\\\/la-foasps-a-tenu-son-assemblee-generale-annuelle-a-accra\\\/#primaryimage\"},\"thumbnailUrl\":\"https:\\\/\\\/www.foasps.org\\\/wp-content\\\/uploads\\\/2025\\\/08\\\/AG-FOASPS.png\",\"datePublished\":\"2025-08-05T18:42:22+00:00\",\"dateModified\":\"2025-08-05T18:45:05+00:00\",\"breadcrumb\":{\"@id\":\"https:\\\/\\\/www.foasps.org\\\/ova_por\\\/la-foasps-a-tenu-son-assemblee-generale-annuelle-a-accra\\\/#breadcrumb\"},\"inLanguage\":\"en-US\",\"potentialAction\":[{\"@type\":\"ReadAction\",\"target\":[\"https:\\\/\\\/www.foasps.org\\\/ova_por\\\/la-foasps-a-tenu-son-assemblee-generale-annuelle-a-accra\\\/\"]}]},{\"@type\":\"ImageObject\",\"inLanguage\":\"en-US\",\"@id\":\"https:\\\/\\\/www.foasps.org\\\/ova_por\\\/la-foasps-a-tenu-son-assemblee-generale-annuelle-a-accra\\\/#primaryimage\",\"url\":\"https:\\\/\\\/www.foasps.org\\\/wp-content\\\/uploads\\\/2025\\\/08\\\/AG-FOASPS.png\",\"contentUrl\":\"https:\\\/\\\/www.foasps.org\\\/wp-content\\\/uploads\\\/2025\\\/08\\\/AG-FOASPS.png\",\"width\":806,\"height\":385},{\"@type\":\"BreadcrumbList\",\"@id\":\"https:\\\/\\\/www.foasps.org\\\/ova_por\\\/la-foasps-a-tenu-son-assemblee-generale-annuelle-a-accra\\\/#breadcrumb\",\"itemListElement\":[{\"@type\":\"ListItem\",\"position\":1,\"name\":\"Accueil\",\"item\":\"https:\\\/\\\/www.foasps.org\\\/\"},{\"@type\":\"ListItem\",\"position\":2,\"name\":\"Portfolio\",\"item\":\"https:\\\/\\\/www.foasps.org\\\/ova_por\\\/\"},{\"@type\":\"ListItem\",\"position\":3,\"name\":\"La FOASPS a tenu son Assembl\u00e9e G\u00e9n\u00e9rale Annuelle \u00e0 Accra\"}]},{\"@type\":\"WebSite\",\"@id\":\"https:\\\/\\\/www.foasps.org\\\/#website\",\"url\":\"https:\\\/\\\/www.foasps.org\\\/\",\"name\":\"FOASPS\",\"description\":\"\",\"publisher\":{\"@id\":\"https:\\\/\\\/www.foasps.org\\\/#organization\"},\"potentialAction\":[{\"@type\":\"SearchAction\",\"target\":{\"@type\":\"EntryPoint\",\"urlTemplate\":\"https:\\\/\\\/www.foasps.org\\\/?s={search_term_string}\"},\"query-input\":{\"@type\":\"PropertyValueSpecification\",\"valueRequired\":true,\"valueName\":\"search_term_string\"}}],\"inLanguage\":\"en-US\"},{\"@type\":\"Organization\",\"@id\":\"https:\\\/\\\/www.foasps.org\\\/#organization\",\"name\":\"FOASPS\",\"url\":\"https:\\\/\\\/www.foasps.org\\\/\",\"logo\":{\"@type\":\"ImageObject\",\"inLanguage\":\"en-US\",\"@id\":\"https:\\\/\\\/www.foasps.org\\\/#\\\/schema\\\/logo\\\/image\\\/\",\"url\":\"https:\\\/\\\/www.foasps.org\\\/wp-content\\\/uploads\\\/2024\\\/01\\\/LOGO-FOASPS-30_11_23.png\",\"contentUrl\":\"https:\\\/\\\/www.foasps.org\\\/wp-content\\\/uploads\\\/2024\\\/01\\\/LOGO-FOASPS-30_11_23.png\",\"width\":4251,\"height\":3954,\"caption\":\"FOASPS\"},\"image\":{\"@id\":\"https:\\\/\\\/www.foasps.org\\\/#\\\/schema\\\/logo\\\/image\\\/\"},\"sameAs\":[\"https:\\\/\\\/x.com\\\/FOASPS_WAPHF\",\"https:\\\/\\\/www.linkedin.com\\\/in\\\/foasps-waphf-13a39928b\\\/\",\"https:\\\/\\\/www.youtube.com\\\/@FOASPS\"]}]}<\/script>\n<!-- \/ Yoast SEO plugin. -->","yoast_head_json":{"title":"La FOASPS a tenu son Assembl\u00e9e G\u00e9n\u00e9rale Annuelle \u00e0 Accra - FOASPS","robots":{"index":"index","follow":"follow","max-snippet":"max-snippet:-1","max-image-preview":"max-image-preview:large","max-video-preview":"max-video-preview:-1"},"canonical":"https:\/\/www.foasps.org\/en\/ova_por\/la-foasps-a-tenu-son-assemblee-generale-annuelle-a-accra\/","og_locale":"en_US","og_type":"article","og_title":"La FOASPS a tenu son Assembl\u00e9e G\u00e9n\u00e9rale Annuelle \u00e0 Accra - FOASPS","og_description":"Le Mercredi 30 juillet 2025, \u00e0 accra au Ghana (Fiesta Royale H\u00f4tel), l\u2019Assembl\u00e9e G\u00e9n\u00e9rale ordinaire et \u00e9lective de la FOASPS pour l\u2019ann\u00e9e 2025 s\u2019est tenu sous le format d\u2019un \u00e9v\u00e9nement hybride. Les F\u00e9d\u00e9rations-pays de la C\u00f4te d\u2019Ivoire, du Ghana, du Lib\u00e9ria, du Mali, du Niger, du Nig\u00e9ria et du Togo y ont pris part en [&hellip;]","og_url":"https:\/\/www.foasps.org\/en\/ova_por\/la-foasps-a-tenu-son-assemblee-generale-annuelle-a-accra\/","og_site_name":"FOASPS","article_modified_time":"2025-08-05T18:45:05+00:00","og_image":[{"width":806,"height":385,"url":"https:\/\/www.foasps.org\/wp-content\/uploads\/2025\/08\/AG-FOASPS.png","type":"image\/png"}],"twitter_card":"summary_large_image","twitter_site":"@FOASPS_WAPHF","twitter_misc":{"Est. reading time":"2 minutes"},"schema":{"@context":"https:\/\/schema.org","@graph":[{"@type":"WebPage","@id":"https:\/\/www.foasps.org\/ova_por\/la-foasps-a-tenu-son-assemblee-generale-annuelle-a-accra\/","url":"https:\/\/www.foasps.org\/ova_por\/la-foasps-a-tenu-son-assemblee-generale-annuelle-a-accra\/","name":"La FOASPS a tenu son Assembl\u00e9e G\u00e9n\u00e9rale Annuelle \u00e0 Accra - FOASPS","isPartOf":{"@id":"https:\/\/www.foasps.org\/#website"},"primaryImageOfPage":{"@id":"https:\/\/www.foasps.org\/ova_por\/la-foasps-a-tenu-son-assemblee-generale-annuelle-a-accra\/#primaryimage"},"image":{"@id":"https:\/\/www.foasps.org\/ova_por\/la-foasps-a-tenu-son-assemblee-generale-annuelle-a-accra\/#primaryimage"},"thumbnailUrl":"https:\/\/www.foasps.org\/wp-content\/uploads\/2025\/08\/AG-FOASPS.png","datePublished":"2025-08-05T18:42:22+00:00","dateModified":"2025-08-05T18:45:05+00:00","breadcrumb":{"@id":"https:\/\/www.foasps.org\/ova_por\/la-foasps-a-tenu-son-assemblee-generale-annuelle-a-accra\/#breadcrumb"},"inLanguage":"en-US","potentialAction":[{"@type":"ReadAction","target":["https:\/\/www.foasps.org\/ova_por\/la-foasps-a-tenu-son-assemblee-generale-annuelle-a-accra\/"]}]},{"@type":"ImageObject","inLanguage":"en-US","@id":"https:\/\/www.foasps.org\/ova_por\/la-foasps-a-tenu-son-assemblee-generale-annuelle-a-accra\/#primaryimage","url":"https:\/\/www.foasps.org\/wp-content\/uploads\/2025\/08\/AG-FOASPS.png","contentUrl":"https:\/\/www.foasps.org\/wp-content\/uploads\/2025\/08\/AG-FOASPS.png","width":806,"height":385},{"@type":"BreadcrumbList","@id":"https:\/\/www.foasps.org\/ova_por\/la-foasps-a-tenu-son-assemblee-generale-annuelle-a-accra\/#breadcrumb","itemListElement":[{"@type":"ListItem","position":1,"name":"Accueil","item":"https:\/\/www.foasps.org\/"},{"@type":"ListItem","position":2,"name":"Portfolio","item":"https:\/\/www.foasps.org\/ova_por\/"},{"@type":"ListItem","position":3,"name":"La FOASPS a tenu son Assembl\u00e9e G\u00e9n\u00e9rale Annuelle \u00e0 Accra"}]},{"@type":"WebSite","@id":"https:\/\/www.foasps.org\/#website","url":"https:\/\/www.foasps.org\/","name":"FOASPS","description":"","publisher":{"@id":"https:\/\/www.foasps.org\/#organization"},"potentialAction":[{"@type":"SearchAction","target":{"@type":"EntryPoint","urlTemplate":"https:\/\/www.foasps.org\/?s={search_term_string}"},"query-input":{"@type":"PropertyValueSpecification","valueRequired":true,"valueName":"search_term_string"}}],"inLanguage":"en-US"},{"@type":"Organization","@id":"https:\/\/www.foasps.org\/#organization","name":"FOASPS","url":"https:\/\/www.foasps.org\/","logo":{"@type":"ImageObject","inLanguage":"en-US","@id":"https:\/\/www.foasps.org\/#\/schema\/logo\/image\/","url":"https:\/\/www.foasps.org\/wp-content\/uploads\/2024\/01\/LOGO-FOASPS-30_11_23.png","contentUrl":"https:\/\/www.foasps.org\/wp-content\/uploads\/2024\/01\/LOGO-FOASPS-30_11_23.png","width":4251,"height":3954,"caption":"FOASPS"},"image":{"@id":"https:\/\/www.foasps.org\/#\/schema\/logo\/image\/"},"sameAs":["https:\/\/x.com\/FOASPS_WAPHF","https:\/\/www.linkedin.com\/in\/foasps-waphf-13a39928b\/","https:\/\/www.youtube.com\/@FOASPS"]}]}},"_links":{"self":[{"href":"https:\/\/www.foasps.org\/en\/wp-json\/wp\/v2\/ova_por\/18679","targetHints":{"allow":["GET"]}}],"collection":[{"href":"https:\/\/www.foasps.org\/en\/wp-json\/wp\/v2\/ova_por"}],"about":[{"href":"https:\/\/www.foasps.org\/en\/wp-json\/wp\/v2\/types\/ova_por"}],"replies":[{"embeddable":true,"href":"https:\/\/www.foasps.org\/en\/wp-json\/wp\/v2\/comments?post=18679"}],"version-history":[{"count":1,"href":"https:\/\/www.foasps.org\/en\/wp-json\/wp\/v2\/ova_por\/18679\/revisions"}],"predecessor-version":[{"id":18685,"href":"https:\/\/www.foasps.org\/en\/wp-json\/wp\/v2\/ova_por\/18679\/revisions\/18685"}],"wp:featuredmedia":[{"embeddable":true,"href":"https:\/\/www.foasps.org\/en\/wp-json\/wp\/v2\/media\/18680"}],"wp:attachment":[{"href":"https:\/\/www.foasps.org\/en\/wp-json\/wp\/v2\/media?parent=18679"}],"wp:term":[{"taxonomy":"cat_por","embeddable":true,"href":"https:\/\/www.foasps.org\/en\/wp-json\/wp\/v2\/cat_por?post=18679"}],"curies":[{"name":"wp","href":"https:\/\/api.w.org\/{rel}","templated":true}]}}